{"id":113,"date":"2016-05-16T19:39:24","date_gmt":"2016-05-16T16:39:24","guid":{"rendered":"http:\/\/uus.tuba.ee\/?page_id=113"},"modified":"2016-05-16T19:39:24","modified_gmt":"2016-05-16T16:39:24","slug":"hinnakiri","status":"publish","type":"page","link":"https:\/\/tuba.ee\/?page_id=113","title":{"rendered":"HINNAKIRI"},"content":{"rendered":"<p>Vaata ringi meie kodulehel, leia sobiv t\u00f6\u00f6tuba\u00a0ning k\u00fcsi pakkumist juba t\u00e4na!<\/p>\n<table style=\"height: 410px;\" width=\"721\">\n<tbody>\n<tr>\n<td><span style=\"color: #800000;\"><strong>T\u00f6\u00f6tuba<\/strong><\/span><\/td>\n<td><span style=\"color: #800000;\"><strong>Minimaalne maksumus osaleja kohta<\/strong><\/span><\/td>\n<\/tr>\n<tr>\n<td><strong>T\u00f6\u00f6tuba lasteaias<\/strong><\/td>\n<td><strong>alates 5 \u20ac<\/strong><\/td>\n<\/tr>\n<tr>\n<td><strong>T\u00f6\u00f6tuba koolis 1.-4. klassini<\/strong><\/td>\n<td><strong>alates 5 \u20ac<\/strong><\/td>\n<\/tr>\n<tr>\n<td><strong>T\u00f6\u00f6tuba koolis 5.-9. klassini<\/strong><\/td>\n<td><strong>alates 7 \u20ac<\/strong><\/td>\n<\/tr>\n<tr>\n<td><strong>T\u00f6\u00f6tuba koolis 10.-12. klassini<\/strong><\/td>\n<td><strong>alates 8 \u20ac<\/strong><\/td>\n<\/tr>\n<tr>\n<td><strong>T\u00f6\u00f6tuba lastelaagris<\/strong><\/td>\n<td><strong>alates 8 \u20ac<\/strong><\/td>\n<\/tr>\n<tr>\n<td><strong>T\u00f6\u00f6tuba koos lapsevanemaga<\/strong><\/td>\n<td><strong>alates 10 \u20ac<\/strong><\/td>\n<\/tr>\n<tr>\n<td><strong>T\u00f6\u00f6tuba laste s\u00fcnnip\u00e4eval<\/strong><\/td>\n<td><strong>alates 10 \u20ac<\/strong><\/td>\n<\/tr>\n<tr>\n<td><strong>T\u00f6\u00f6tuba t\u00e4iskasvanutele<\/strong><\/td>\n<td><strong>alates 15 \u20ac<\/strong><\/td>\n<\/tr>\n<tr>\n<td><strong>T\u00f6\u00f6tuba firma\u00fcritusel, laadal jne<\/strong><\/td>\n<td><strong>K\u00fcsi pakkumist info@tuba.ee<\/strong><\/td>\n<\/tr>\n<\/tbody>\n<\/table>\n<p>T\u00f6\u00f6toa l\u00f5plik maksumus kujuneb v\u00e4lja osalejate arvu ja valmistatavate esemete p\u00f5hjal.\u00a0Hinna sisse kuuluvad k\u00f5ik materjalid ja t\u00f6\u00f6vahendid.<\/p>\n<p>V\u00e4ljaspool Tallinna korraldatavatele t\u00f6\u00f6tubadele lisandub kohales\u00f5idu tasu 0,5 eurot\/km. Kilomeetreid arvestame Tallinna kesklinnast.<\/p>\n<p>MT\u00dc Tuba j\u00e4tab endale \u00f5iguse muuta hindu.<\/p>\n<address>\u00a0<\/address>\n\n\n<p><\/p>\n","protected":false},"excerpt":{"rendered":"<p>Vaata ringi meie kodulehel, leia sobiv t\u00f6\u00f6tuba\u00a0ning k\u00fcsi pakkumist juba t\u00e4na! T\u00f6\u00f6tuba Minimaalne maksumus osaleja kohta T\u00f6\u00f6tuba lasteaias alates 5 \u20ac T\u00f6\u00f6tuba koolis 1.-4. klassini alates 5 \u20ac T\u00f6\u00f6tuba koolis 5.-9. klassini alates 7 \u20ac T\u00f6\u00f6tuba koolis 10.-12. klassini alates 8 \u20ac T\u00f6\u00f6tuba lastelaagris alates 8 \u20ac T\u00f6\u00f6tuba koos lapsevanemaga alates 10 \u20ac T\u00f6\u00f6tuba laste &hellip; <\/p>\n<p class=\"link-more\"><a href=\"https:\/\/tuba.ee\/?page_id=113\" class=\"more-link\">Loe edasi<span class=\"screen-reader-text\"> &#8220;HINNAKIRI&#8221;<\/span><\/a><\/p>\n","protected":false},"author":1,"featured_media":0,"parent":0,"menu_order":0,"comment_status":"closed","ping_status":"closed","template":"","meta":{"footnotes":""},"class_list":["post-113","page","type-page","status-publish","hentry"],"_links":{"self":[{"href":"https:\/\/tuba.ee\/index.php?rest_route=\/wp\/v2\/pages\/113","targetHints":{"allow":["GET"]}}],"collection":[{"href":"https:\/\/tuba.ee\/index.php?rest_route=\/wp\/v2\/pages"}],"about":[{"href":"https:\/\/tuba.ee\/index.php?rest_route=\/wp\/v2\/types\/page"}],"author":[{"embeddable":true,"href":"https:\/\/tuba.ee\/index.php?rest_route=\/wp\/v2\/users\/1"}],"replies":[{"embeddable":true,"href":"https:\/\/tuba.ee\/index.php?rest_route=%2Fwp%2Fv2%2Fcomments&post=113"}],"version-history":[{"count":0,"href":"https:\/\/tuba.ee\/index.php?rest_route=\/wp\/v2\/pages\/113\/revisions"}],"wp:attachment":[{"href":"https:\/\/tuba.ee\/index.php?rest_route=%2Fwp%2Fv2%2Fmedia&parent=113"}],"curies":[{"name":"wp","href":"https:\/\/api.w.org\/{rel}","templated":true}]}}